{"id":341,"date":"2020-11-24T07:40:51","date_gmt":"2020-11-24T07:40:51","guid":{"rendered":"https:\/\/podcastpurovicio.com\/?pv_episodio=01x11-especial-punales-por-la-espalda"},"modified":"2020-11-24T07:40:51","modified_gmt":"2020-11-24T07:40:51","slug":"01x11-especial-punales-por-la-espalda","status":"publish","type":"pv_episodio","link":"https:\/\/podcastpurovicio.com\/?pv_episodio=01x11-especial-punales-por-la-espalda","title":{"rendered":"01&#215;11 Especial: Pu\u00f1ales por la Espalda"},"content":{"rendered":"<p>\u00a1Nuevo episodio! En esta ocasi\u00f3n os traemos un nuevo especial (aunque fue de los primeros que grabamos) de una de las pel\u00edculas mas infravaloradas del pasado 2019, Pu\u00f1ales por la espalda, la cinta que le dio a Rian Johnson el reconocimiento que creemos que merece y que pod\u00e9is encontrar en Amazon Prime. Acomp\u00e1\u00f1anos una semana mas en uno de nuestro especiales.<\/p>\n","protected":false},"excerpt":{"rendered":"<p>\u00a1Nuevo episodio! En esta ocasi\u00f3n os traemos un nuevo especial (aunque fue de los primeros que grabamos) de una de las pel\u00edculas mas infravaloradas del pasado 2019, Pu\u00f1ales por la espalda, la cinta que le dio a Rian Johnson el reconocimiento que creemos que merece&hellip;<\/p>\n","protected":false},"featured_media":0,"template":"","class_list":["post-341","pv_episodio","type-pv_episodio","status-publish","hentry"],"_links":{"self":[{"href":"https:\/\/podcastpurovicio.com\/index.php?rest_route=\/wp\/v2\/pv_episodio\/341","targetHints":{"allow":["GET"]}}],"collection":[{"href":"https:\/\/podcastpurovicio.com\/index.php?rest_route=\/wp\/v2\/pv_episodio"}],"about":[{"href":"https:\/\/podcastpurovicio.com\/index.php?rest_route=\/wp\/v2\/types\/pv_episodio"}],"version-history":[{"count":0,"href":"https:\/\/podcastpurovicio.com\/index.php?rest_route=\/wp\/v2\/pv_episodio\/341\/revisions"}],"wp:attachment":[{"href":"https:\/\/podcastpurovicio.com\/index.php?rest_route=%2Fwp%2Fv2%2Fmedia&parent=341"}],"curies":[{"name":"wp","href":"https:\/\/api.w.org\/{rel}","templated":true}]}}