{"id":308,"date":"2021-05-07T11:58:15","date_gmt":"2021-05-07T11:58:15","guid":{"rendered":"https:\/\/podcastpurovicio.com\/?pv_episodio=01x44-charla-el-inocente"},"modified":"2021-05-07T11:58:15","modified_gmt":"2021-05-07T11:58:15","slug":"01x44-charla-el-inocente","status":"publish","type":"pv_episodio","link":"https:\/\/podcastpurovicio.com\/?pv_episodio=01x44-charla-el-inocente","title":{"rendered":"01&#215;44 Charla: El Inocente"},"content":{"rendered":"<p>Nueva charla fresqu\u00edsima. En esta ocasi\u00f3n nos ponemos al frente de El Inocente, la nueva producci\u00f3n espa\u00f1ola de Netflix en forma de miniserie que lo est\u00e1 petando. Ya sab\u00e9is el formato de estas charlas, opini\u00f3n muy breve entre dos de nuestros colaboradores habituales del programa. No te olvides de darle like y comentar lo que te ha parecido la nueva serie protagonizada por Mario Casas.<\/p>\n","protected":false},"excerpt":{"rendered":"<p>Nueva charla fresqu\u00edsima. En esta ocasi\u00f3n nos ponemos al frente de El Inocente, la nueva producci\u00f3n espa\u00f1ola de Netflix en forma de miniserie que lo est\u00e1 petando. Ya sab\u00e9is el formato de estas charlas, opini\u00f3n muy breve entre dos de nuestros colaboradores habituales del programa.&hellip;<\/p>\n","protected":false},"featured_media":0,"template":"","class_list":["post-308","pv_episodio","type-pv_episodio","status-publish","hentry"],"_links":{"self":[{"href":"https:\/\/podcastpurovicio.com\/index.php?rest_route=\/wp\/v2\/pv_episodio\/308","targetHints":{"allow":["GET"]}}],"collection":[{"href":"https:\/\/podcastpurovicio.com\/index.php?rest_route=\/wp\/v2\/pv_episodio"}],"about":[{"href":"https:\/\/podcastpurovicio.com\/index.php?rest_route=\/wp\/v2\/types\/pv_episodio"}],"version-history":[{"count":0,"href":"https:\/\/podcastpurovicio.com\/index.php?rest_route=\/wp\/v2\/pv_episodio\/308\/revisions"}],"wp:attachment":[{"href":"https:\/\/podcastpurovicio.com\/index.php?rest_route=%2Fwp%2Fv2%2Fmedia&parent=308"}],"curies":[{"name":"wp","href":"https:\/\/api.w.org\/{rel}","templated":true}]}}