{"id":302,"date":"2021-05-31T10:30:07","date_gmt":"2021-05-31T10:30:07","guid":{"rendered":"https:\/\/podcastpurovicio.com\/?pv_episodio=01x50-especial-tesis"},"modified":"2021-05-31T10:30:07","modified_gmt":"2021-05-31T10:30:07","slug":"01x50-especial-tesis","status":"publish","type":"pv_episodio","link":"https:\/\/podcastpurovicio.com\/?pv_episodio=01x50-especial-tesis","title":{"rendered":"01&#215;50 Especial: Tesis"},"content":{"rendered":"<p>\u00a1Nuevo especial! Con el motivo del 25\u00ba aniversario de la \u00f3pera prima de Alejandro Amen\u00e1bar, Tesis, el equipo de Puro Vicio se ha reunido para hablar de esta pel\u00edcula que lanz\u00f3 al estrellato a su director. Aviso a navegantes que su presentador, Juanan Galindo no tiene ni pajolera idea de cine espa\u00f1ol. De cualquier manera, si quer\u00e9is pasar un buen rato, no dud\u00e9is en darle al click, al me gusta y al bot\u00f3n de suscribirse si aun no lo hab\u00e9is hecho.<\/p>\n","protected":false},"excerpt":{"rendered":"<p>\u00a1Nuevo especial! Con el motivo del 25\u00ba aniversario de la \u00f3pera prima de Alejandro Amen\u00e1bar, Tesis, el equipo de Puro Vicio se ha reunido para hablar de esta pel\u00edcula que lanz\u00f3 al estrellato a su director. Aviso a navegantes que su presentador, Juanan Galindo no&hellip;<\/p>\n","protected":false},"featured_media":0,"template":"","class_list":["post-302","pv_episodio","type-pv_episodio","status-publish","hentry"],"_links":{"self":[{"href":"https:\/\/podcastpurovicio.com\/index.php?rest_route=\/wp\/v2\/pv_episodio\/302","targetHints":{"allow":["GET"]}}],"collection":[{"href":"https:\/\/podcastpurovicio.com\/index.php?rest_route=\/wp\/v2\/pv_episodio"}],"about":[{"href":"https:\/\/podcastpurovicio.com\/index.php?rest_route=\/wp\/v2\/types\/pv_episodio"}],"version-history":[{"count":0,"href":"https:\/\/podcastpurovicio.com\/index.php?rest_route=\/wp\/v2\/pv_episodio\/302\/revisions"}],"wp:attachment":[{"href":"https:\/\/podcastpurovicio.com\/index.php?rest_route=%2Fwp%2Fv2%2Fmedia&parent=302"}],"curies":[{"name":"wp","href":"https:\/\/api.w.org\/{rel}","templated":true}]}}