{"id":287,"date":"2021-09-20T22:00:00","date_gmt":"2021-09-20T22:00:00","guid":{"rendered":"https:\/\/podcastpurovicio.com\/?pv_episodio=especial-festen-celebracion-02x02"},"modified":"2021-09-20T22:00:00","modified_gmt":"2021-09-20T22:00:00","slug":"especial-festen-celebracion-02x02","status":"publish","type":"pv_episodio","link":"https:\/\/podcastpurovicio.com\/?pv_episodio=especial-festen-celebracion-02x02","title":{"rendered":"Especial: Festen (Celebraci\u00f3n) 02&#215;02"},"content":{"rendered":"<p>Primer especial de la temporada. En esta ocasi\u00f3n nos reunimos para hablar de Celebraci\u00f3n, la primera pel\u00edcula del movimiento Dogma 95. En el podcast, adem\u00e1s de analizar la cinta dirigida por Thomas Vinterberg (La Caza, Otra Ronda) os contamos en qu\u00e9 consiste este movimiento as\u00ed como quienes fueron sus fundadores.<\/p>\n","protected":false},"excerpt":{"rendered":"<p>Primer especial de la temporada. En esta ocasi\u00f3n nos reunimos para hablar de Celebraci\u00f3n, la primera pel\u00edcula del movimiento Dogma 95. En el podcast, adem\u00e1s de analizar la cinta dirigida por Thomas Vinterberg (La Caza, Otra Ronda) os contamos en qu\u00e9 consiste este movimiento as\u00ed&hellip;<\/p>\n","protected":false},"featured_media":0,"template":"","class_list":["post-287","pv_episodio","type-pv_episodio","status-publish","hentry"],"_links":{"self":[{"href":"https:\/\/podcastpurovicio.com\/index.php?rest_route=\/wp\/v2\/pv_episodio\/287","targetHints":{"allow":["GET"]}}],"collection":[{"href":"https:\/\/podcastpurovicio.com\/index.php?rest_route=\/wp\/v2\/pv_episodio"}],"about":[{"href":"https:\/\/podcastpurovicio.com\/index.php?rest_route=\/wp\/v2\/types\/pv_episodio"}],"version-history":[{"count":0,"href":"https:\/\/podcastpurovicio.com\/index.php?rest_route=\/wp\/v2\/pv_episodio\/287\/revisions"}],"wp:attachment":[{"href":"https:\/\/podcastpurovicio.com\/index.php?rest_route=%2Fwp%2Fv2%2Fmedia&parent=287"}],"curies":[{"name":"wp","href":"https:\/\/api.w.org\/{rel}","templated":true}]}}