{"id":381,"date":"2024-01-31T16:40:00","date_gmt":"2024-01-31T16:40:00","guid":{"rendered":"https:\/\/podcastpurovicio.com\/?pv_critica=katak-la-pequena-ballena"},"modified":"2024-01-31T16:40:00","modified_gmt":"2024-01-31T16:40:00","slug":"katak-la-pequena-ballena","status":"publish","type":"pv_critica","link":"https:\/\/podcastpurovicio.com\/?pv_critica=katak-la-pequena-ballena","title":{"rendered":"Katak, La Peque\u00f1a Ballena"},"content":{"rendered":"<p><span style=\"background-color: black;color: white;font-size: medium\">&nbsp;<span style=\"font-family: courier\">Cr\u00edtica de la pel\u00edcula \u00abKatak, la Peque\u00f1a Ballena\u00bb, pel\u00edcula canadiense de animaci\u00f3n dirigida por Christine Dallaire-Dupont y Nicola Lemay.<\/span><\/span><\/p>\n<p><span style=\"font-size: medium\"><span style=\"color: white;font-family: courier\"><b style=\"background-color: black\"><br \/><\/b><\/span><\/span><\/p>\n<p><span style=\"font-size: medium\"><span style=\"color: white;font-family: courier\"><b style=\"background-color: black\">SINOPSIS<\/b><\/span><\/span><\/p>\n<p><span style=\"background-color: black;color: white;font-family: courier;font-size: medium\">Mientras que todos sus compa\u00f1eros se han vuelto blancos, Katak sigue siendo peque\u00f1o y gris. Para demostrar que ha crecido y cumplir el \u00faltimo deseo de su adorada abuela, Katak emprende un peligroso viaje al Gran Norte.<\/span><\/p>\n<p><span style=\"background-color: black;color: white;font-family: courier;font-size: medium\"><br \/><\/span><\/p>\n<p><span style=\"color: white;font-family: courier;font-size: medium\"><b style=\"background-color: black\">CR\u00cdTICA<\/b><\/span><\/p>\n<p><span style=\"background-color: black;color: white;font-family: courier;font-size: medium\">Claramente no tiene el presupuesto de las pel\u00edculas de grandes estudios, pero tampoco intenta mostrarnos una historia coherente m\u00e1s all\u00e1 de sus mensajes medioambientales.&nbsp;<\/span><\/p>\n<p><span style=\"background-color: black;color: white;font-family: courier;font-size: medium\">El protagonista puede ser del agrado de los m\u00e1s peque\u00f1os pero su \u00fanico complejo f\u00edsico no le impide realizar sus aventuras sin apenas dificultad.&nbsp;<\/span><\/p>\n<p><span style=\"background-color: black;color: white;font-family: courier;font-size: medium\">El problema principal lo tienen lo secundarios principales. Hay demasiados y los m\u00e1s importantes est\u00e1n poco desarrollados. Del acompa\u00f1ante del protagonista no sabemos nada y poco sabremos de \u00e9l al final de la historia.&nbsp;<\/span><\/p>\n<p><span style=\"background-color: black;color: white;font-family: courier;font-size: medium\">Y por otro lado est\u00e1 el villano de la historia quien, sin propon\u00e9rselo, acaba siendo el personaje m\u00e1s carism\u00e1tico y con el mayor conflicto de la pel\u00edcula. Deber\u00edamos sentir alegr\u00eda igual que los personajes por su destino pero me temo que acaba siendo justo lo contrario.&nbsp;<\/span><\/p>\n<p><span style=\"background-color: black;color: white;font-family: courier;font-size: medium\">Por \u00faltimo destacar que existen conflictos dentro de la historia cuya resoluci\u00f3n resulta un tanto insulsa y poco coherente. S\u00f3lo el p\u00fablico infantil podr\u00e1 pasar por alto estos detalles, mientras que los mayores sentiremos que hemos visto un episodio largo de una serie de dibujos de 20 minutos de un canal infantil.<\/span><\/p>\n<p><span style=\"background-color: black;color: white;font-family: courier;font-size: medium\">Puedo destacar un par de gui\u00f1os al teatro cl\u00e1sico que, desgraciadamente, ser\u00e1 dif\u00edcil que los ni\u00f1os entiendan.<\/span><\/p>\n<p><span style=\"background-color: black;color: white;font-family: courier;font-size: medium\">Bienintencionada y con una intenci\u00f3n puramente educativa en \u00e1mbitos de la igualdad y el medioambiente pero enfocada a un p\u00fablico demasiado infantil para que se pueda considerar una pel\u00edcula para todos los p\u00fablicos. No apta para mayores de 10.<\/span><\/p>\n","protected":false},"excerpt":{"rendered":"<p>&nbsp;Cr\u00edtica de la pel\u00edcula \u00abKatak, la Peque\u00f1a Ballena\u00bb, pel\u00edcula canadiense de animaci\u00f3n dirigida por Christine Dallaire-Dupont y Nicola Lemay.SINOPSISMientras que todos sus compa\u00f1eros se han vuelto blancos, Katak sigue siendo peque\u00f1o y gris. Para demostrar que ha crecido y cumplir el \u00faltimo deseo de su&hellip;<\/p>\n","protected":false},"author":1,"featured_media":0,"comment_status":"open","ping_status":"closed","template":"","pv_genero":[],"class_list":["post-381","pv_critica","type-pv_critica","status-publish","hentry"],"_links":{"self":[{"href":"https:\/\/podcastpurovicio.com\/index.php?rest_route=\/wp\/v2\/pv_critica\/381","targetHints":{"allow":["GET"]}}],"collection":[{"href":"https:\/\/podcastpurovicio.com\/index.php?rest_route=\/wp\/v2\/pv_critica"}],"about":[{"href":"https:\/\/podcastpurovicio.com\/index.php?rest_route=\/wp\/v2\/types\/pv_critica"}],"author":[{"embeddable":true,"href":"https:\/\/podcastpurovicio.com\/index.php?rest_route=\/wp\/v2\/users\/1"}],"replies":[{"embeddable":true,"href":"https:\/\/podcastpurovicio.com\/index.php?rest_route=%2Fwp%2Fv2%2Fcomments&post=381"}],"version-history":[{"count":0,"href":"https:\/\/podcastpurovicio.com\/index.php?rest_route=\/wp\/v2\/pv_critica\/381\/revisions"}],"wp:attachment":[{"href":"https:\/\/podcastpurovicio.com\/index.php?rest_route=%2Fwp%2Fv2%2Fmedia&parent=381"}],"wp:term":[{"taxonomy":"pv_genero","embeddable":true,"href":"https:\/\/podcastpurovicio.com\/index.php?rest_route=%2Fwp%2Fv2%2Fpv_genero&post=381"}],"curies":[{"name":"wp","href":"https:\/\/api.w.org\/{rel}","templated":true}]}}