{"id":374,"date":"2024-02-21T09:46:00","date_gmt":"2024-02-21T09:46:00","guid":{"rendered":"https:\/\/podcastpurovicio.com\/?pv_critica=la-estrella-azul"},"modified":"2024-02-21T09:46:00","modified_gmt":"2024-02-21T09:46:00","slug":"la-estrella-azul","status":"publish","type":"pv_critica","link":"https:\/\/podcastpurovicio.com\/?pv_critica=la-estrella-azul","title":{"rendered":"La Estrella Azul"},"content":{"rendered":"<p><span style=\"background-color: black;color: white\">&nbsp;<span style=\"font-family: courier;font-size: medium\">Cr\u00edtica de la pel\u00edcula \u00abLa Estrella Azul\u00bb, escrita y dirigida por Javier Macipe. Llega a nuestras salas el 23 de febrero.<\/span><\/span><\/p>\n<p><span style=\"background-color: black;color: white;font-family: courier;font-size: medium\"><br \/><\/span><\/p>\n<p><span style=\"color: white;font-family: courier;font-size: medium\"><b style=\"background-color: black\">SINOPSIS<\/b><\/span><\/p>\n<p><span><span style=\"background-color: black;color: white;font-family: courier;font-size: medium\">A\u00f1os 90. Mauricio, un famoso rockero espa\u00f1ol recorre Latinoam\u00e9rica buscando reencontrarse con su vocaci\u00f3n dejando atr\u00e1s el fantasma de la adicci\u00f3n. All\u00ed conoce a Don Carlos, un anciano m\u00fasico en horas bajas que, a pesar de ser autor de algunas de las canciones m\u00e1s famosas del folclore de su pa\u00eds, apenas consigue pagar sus facturas. Carlos acoge con generosidad al extra\u00f1o visitante haciendo las veces de maestro Miyagi musical. De su encuentro nace un extravagante d\u00fao quijotesco, con todos los visos de ser un absoluto fracaso comercial.<\/span><\/span><\/p>\n<p><span><span style=\"background-color: black;color: white;font-family: courier;font-size: medium\"><br \/><\/span><\/span><\/p>\n<p><span style=\"font-family: courier;font-size: medium\"><span style=\"color: white\"><b style=\"background-color: black\">CR\u00cdTICA<\/b><\/span><\/span><\/p>\n<p><span style=\"background-color: black;color: white;font-family: courier;font-size: medium\">&#8216;La estrella azul&#8217; rescata del olvido a Mauricio Aznar, un rockabilly aragon\u00e9s de relativo \u00e9xito en la d\u00e9cada de los 90 del pasado siglo. Una suerte de Sugar Man espa\u00f1ol de alma quijotesca, que tras superar una crisis existencial, encontr\u00f3 a su Dulcinea musical a trav\u00e9s de un viaje geogr\u00e1fico y cultural, c\u00f3smico y vital que le llev\u00f3 hasta las m\u00e1s profundas ra\u00edces del folclore del norte de Argentina.<\/span><\/p>\n<p><span style=\"background-color: black;color: white;font-family: courier;font-size: medium\">El primer largometraje de Javier Macipe, se hace fuerte con una emocionante historia, tan real como idealista, que aprecia el valor de lo sencillo, promueve el intercambio cultural e invita al mestizaje, a la vez que empuja hacia la consecuci\u00f3n de los sue\u00f1os, por muy \u00abrockambolescos\u00bb que estos parezcan.<\/span><\/p>\n<p><span style=\"background-color: black;color: white;font-family: courier;font-size: medium\">Para los que est\u00e9is empachados de biopics random (est\u00e1n siendo demasiados ya) este es un verso libre en el extenso cat\u00e1logo del dichoso g\u00e9nero. Probablemente, el m\u00e1s meta y especial que vais a ver en mucho tiempo. Mezcla de realidad y ficci\u00f3n, cuenta con un montaje y una puesta en escena que va alimentando de genialidad a una cinta que, en sus primeros acordes, no parec\u00eda gran cosa. Sin duda, es lo m\u00e1s brillante de esta \u00abestrella\u00bb.<\/span><\/p>\n<p><span style=\"background-color: black;color: white;font-family: courier;font-size: medium\">Po\u00e9tica, vivaz y tambi\u00e9n teatral, cuenta con un par o tres de transiciones virgueras y una ruptura de la cuarta pared, que irrumpe con sorpresa en su tramo final, para gozo de un p\u00fablico que no espera esa \u00faltima carta ganadora lanzada por el gui\u00f3n. Dos recursos narrativos muy arriesgados e impropios de un debutante en la direcci\u00f3n, aqu\u00ed excelentemente resueltos.<\/span><\/p>\n<p><span style=\"background-color: black;font-family: courier;font-size: medium\"><span style=\"color: white\"><\/span><\/span><\/p>\n<p><span style=\"background-color: black;color: white;font-family: courier;font-size: medium\">&#8216;La estrella azul&#8217; iluminar\u00e1 nuestras salas a partir del 23 de febrero. Esperemos que no lo haga de manera fugaz.<\/span><\/p>\n","protected":false},"excerpt":{"rendered":"<p>&nbsp;Cr\u00edtica de la pel\u00edcula \u00abLa Estrella Azul\u00bb, escrita y dirigida por Javier Macipe. Llega a nuestras salas el 23 de febrero.SINOPSISA\u00f1os 90. Mauricio, un famoso rockero espa\u00f1ol recorre Latinoam\u00e9rica buscando reencontrarse con su vocaci\u00f3n dejando atr\u00e1s el fantasma de la adicci\u00f3n. All\u00ed conoce a Don&hellip;<\/p>\n","protected":false},"author":1,"featured_media":0,"comment_status":"open","ping_status":"closed","template":"","pv_genero":[],"class_list":["post-374","pv_critica","type-pv_critica","status-publish","hentry"],"_links":{"self":[{"href":"https:\/\/podcastpurovicio.com\/index.php?rest_route=\/wp\/v2\/pv_critica\/374","targetHints":{"allow":["GET"]}}],"collection":[{"href":"https:\/\/podcastpurovicio.com\/index.php?rest_route=\/wp\/v2\/pv_critica"}],"about":[{"href":"https:\/\/podcastpurovicio.com\/index.php?rest_route=\/wp\/v2\/types\/pv_critica"}],"author":[{"embeddable":true,"href":"https:\/\/podcastpurovicio.com\/index.php?rest_route=\/wp\/v2\/users\/1"}],"replies":[{"embeddable":true,"href":"https:\/\/podcastpurovicio.com\/index.php?rest_route=%2Fwp%2Fv2%2Fcomments&post=374"}],"version-history":[{"count":0,"href":"https:\/\/podcastpurovicio.com\/index.php?rest_route=\/wp\/v2\/pv_critica\/374\/revisions"}],"wp:attachment":[{"href":"https:\/\/podcastpurovicio.com\/index.php?rest_route=%2Fwp%2Fv2%2Fmedia&parent=374"}],"wp:term":[{"taxonomy":"pv_genero","embeddable":true,"href":"https:\/\/podcastpurovicio.com\/index.php?rest_route=%2Fwp%2Fv2%2Fpv_genero&post=374"}],"curies":[{"name":"wp","href":"https:\/\/api.w.org\/{rel}","templated":true}]}}