{"id":352,"date":"2024-05-01T10:07:00","date_gmt":"2024-05-01T10:07:00","guid":{"rendered":"https:\/\/podcastpurovicio.com\/?pv_critica=la-casa"},"modified":"2024-05-01T10:07:00","modified_gmt":"2024-05-01T10:07:00","slug":"la-casa","status":"publish","type":"pv_critica","link":"https:\/\/podcastpurovicio.com\/?pv_critica=la-casa","title":{"rendered":"La Casa"},"content":{"rendered":"<p><span style=\"background-color: black;color: white;font-family: courier;font-size: medium\">Cr\u00edtica de \u00abLa Casa\u00bb, protagonizada por David Verdaguer y dirigida por \u00c1lex Montoya.<\/span><\/p>\n<p><span style=\"background-color: black;color: white;font-family: courier;font-size: medium\"><br \/><\/span><\/p>\n<p><b><span style=\"background-color: black;color: white;font-family: courier;font-size: medium\">SINOPSIS<\/span><\/b><\/p>\n<p><span style=\"background-color: black;color: white;font-family: courier;font-size: medium\">Tras la muerte de su padre, tres hermanos se re\u00fanen en la casa familiar en la que pasaron los veranos de su infancia. Toca decidir qu\u00e9 hacer con la vivienda, lo que resultar\u00e1 m\u00e1s dif\u00edcil de lo esperado. Basada en la novela gr\u00e1fica hom\u00f3nima de Paco Roca ganadora de un Premio Eisner en 2020.<\/span><\/p>\n<p><span style=\"background-color: black;color: white;font-family: courier;font-size: medium\"><br \/><\/span><\/p>\n<p><b><span style=\"background-color: black;color: white;font-family: courier;font-size: medium\">CR\u00cdTICA<\/span><\/b><\/p>\n<p><span style=\"background-color: black;color: white;font-family: courier;font-size: medium\">Basada en la novela gr\u00e1fica hom\u00f3nima de Paco Roca, La casa es una pel\u00edcula que tiene algo especial. Partiendo del recuerdo de un jard\u00edn, se entremezclan los olores del naranjo, de la higuera y de los recuerdos de lo nunca dicho pero siempre presente para mostrarnos como viven el duelo personas conectadas por el v\u00ednculo familiar, muchas veces causante de los peores problemas. La tristeza lo envuelve todo pero, a la vez, lo hace tan conmovedor que, sin darte cuenta, sonr\u00edes a la vez que est\u00e1s llorando. Esa es la complejidad del ser humano. Y \u00c1lex Montoya la ha hecho pel\u00edcula.<\/span><\/p>\n","protected":false},"excerpt":{"rendered":"<p>Cr\u00edtica de \u00abLa Casa\u00bb, protagonizada por David Verdaguer y dirigida por \u00c1lex Montoya.SINOPSISTras la muerte de su padre, tres hermanos se re\u00fanen en la casa familiar en la que pasaron los veranos de su infancia. Toca decidir qu\u00e9 hacer con la vivienda, lo que resultar\u00e1&hellip;<\/p>\n","protected":false},"author":1,"featured_media":0,"comment_status":"open","ping_status":"closed","template":"","pv_genero":[],"class_list":["post-352","pv_critica","type-pv_critica","status-publish","hentry"],"_links":{"self":[{"href":"https:\/\/podcastpurovicio.com\/index.php?rest_route=\/wp\/v2\/pv_critica\/352","targetHints":{"allow":["GET"]}}],"collection":[{"href":"https:\/\/podcastpurovicio.com\/index.php?rest_route=\/wp\/v2\/pv_critica"}],"about":[{"href":"https:\/\/podcastpurovicio.com\/index.php?rest_route=\/wp\/v2\/types\/pv_critica"}],"author":[{"embeddable":true,"href":"https:\/\/podcastpurovicio.com\/index.php?rest_route=\/wp\/v2\/users\/1"}],"replies":[{"embeddable":true,"href":"https:\/\/podcastpurovicio.com\/index.php?rest_route=%2Fwp%2Fv2%2Fcomments&post=352"}],"version-history":[{"count":0,"href":"https:\/\/podcastpurovicio.com\/index.php?rest_route=\/wp\/v2\/pv_critica\/352\/revisions"}],"wp:attachment":[{"href":"https:\/\/podcastpurovicio.com\/index.php?rest_route=%2Fwp%2Fv2%2Fmedia&parent=352"}],"wp:term":[{"taxonomy":"pv_genero","embeddable":true,"href":"https:\/\/podcastpurovicio.com\/index.php?rest_route=%2Fwp%2Fv2%2Fpv_genero&post=352"}],"curies":[{"name":"wp","href":"https:\/\/api.w.org\/{rel}","templated":true}]}}